{"id":32,"date":"2017-07-10T15:32:12","date_gmt":"2017-07-10T15:32:12","guid":{"rendered":"http:\/\/webcreek.com.ve\/ebfcargo\/?page_id=32"},"modified":"2018-01-17T11:49:20","modified_gmt":"2018-01-17T16:49:20","slug":"noticias","status":"publish","type":"page","link":"https:\/\/ebfcargo.com\/es\/noticias\/","title":{"rendered":"Noticias"},"content":{"rendered":"[vc_row type=\u00bbin_container\u00bb full_screen_row_position=\u00bbmiddle\u00bb scene_position=\u00bbcenter\u00bb text_color=\u00bbdark\u00bb text_align=\u00bbleft\u00bb overlay_strength=\u00bb0.3&#8243;][vc_column column_padding=\u00bbno-extra-padding\u00bb column_padding_position=\u00bball\u00bb background_color_opacity=\u00bb1&#8243; background_hover_color_opacity=\u00bb1&#8243; column_shadow=\u00bbnone\u00bb width=\u00bb1\/1&#8243; tablet_text_alignment=\u00bbdefault\u00bb phone_text_alignment=\u00bbdefault\u00bb column_border_width=\u00bbnone\u00bb column_border_style=\u00bbsolid\u00bb]<div style=\"height: 550px\"  data-transition=\"slide\" data-overall_style=\"classic\" data-flexible-height=\"\" data-animate-in-effect=\"none\" data-fullscreen=\"false\" data-button-sizing=\"regular\" data-button-styling=\"btn_with_count\" data-autorotate=\"\" data-parallax=\"false\" data-full-width=\"true\" class=\"nectar-slider-wrap \" id=\"ns-id-69ee3a327b930\">\n\t\t\t<div style=\"height: 550px\" class=\"swiper-container\"  data-tho=\"auto\" data-tco=\"auto\" data-pho=\"auto\" data-pco=\"auto\" data-loop=\"false\" data-height=\"550\" data-min-height=\"\" data-arrows=\"false\" data-bullets=\"false\" data-bullet_style=\"see_through\" data-desktop-swipe=\"false\" data-settings=\"\">\n\t\t\t\t    <div class=\"swiper-wrapper\"><div class=\"swiper-slide\" data-bg-alignment=\"center\" data-color-scheme=\"light\" data-x-pos=\"left\" data-y-pos=\"middle\"> \n\t\t\t\t\t\t\t\t<div class=\"image-bg\" style=\"background-image: url(https:\/\/ebfcargo.com\/wp-content\/uploads\/2017\/07\/ebf-slider-news-1.jpg);\"> &nbsp; <\/div><div class=\"container\">\n\t\t\t\t\t\t\t\t\t<div class=\"content\"><h2>NOTICIAS<\/h2><p  ><span>Expertos en el transporte de carga desde Ecuador a todo el mundo.<\/span><\/p><\/div>\n\t\t\t\t\t\t\t\t<\/div><!--\/container--><div class=\"video-texture \"> <span class=\"ie-fix\"><\/span> <\/div><\/div><!--\/swiper-slide--><\/div><div class=\"nectar-slider-loading \"> <span class=\"loading-icon none\">   <\/span> <\/div> <\/div> \n\t\t\t\t\n\t\t\t<\/div>[\/vc_column][\/vc_row][vc_row type=\u00bbin_container\u00bb full_screen_row_position=\u00bbmiddle\u00bb scene_position=\u00bbcenter\u00bb text_color=\u00bbdark\u00bb text_align=\u00bbleft\u00bb overlay_strength=\u00bb0.3&#8243;][vc_column column_padding=\u00bbno-extra-padding\u00bb column_padding_position=\u00bball\u00bb background_color_opacity=\u00bb1&#8243; background_hover_color_opacity=\u00bb1&#8243; column_shadow=\u00bbnone\u00bb width=\u00bb1\/1&#8243; tablet_text_alignment=\u00bbdefault\u00bb phone_text_alignment=\u00bbdefault\u00bb column_border_width=\u00bbnone\u00bb column_border_style=\u00bbsolid\u00bb]<div class=\"divider-wrap\"><div style=\"height: 100px;\" class=\"divider\"><\/div><\/div>\t\t\t\n\t\t\t<div class=\"row blog-recent columns-3\" data-style=\"classic_enhanced\" data-color-scheme=\"light\">\n\t\t\t\t\n\t\t\t\t\n\t\t\t\t<div class=\"col span_4\">\n\t\t\t\t\t\n\t\t\t\t\t\n\t\t\t\t\t\t\t<div class=\"inner-wrap post-1348 post type-post status-publish format-standard has-post-thumbnail hentry category-noticias tag-hortiflorexpo\">\n\n\t\t\t\t\t\t\t<a href=\"https:\/\/ebfcargo.com\/es\/ebf-hortiflorexpo-flowers-exhibition-beijing-2018\/\" class=\"img-link\"><span class=\"post-featured-img\"><img loading=\"lazy\" decoding=\"async\" width=\"518\" height=\"202\" src=\"https:\/\/i0.wp.com\/ebfcargo.com\/wp-content\/uploads\/2018\/05\/Capturaaaa.jpg?resize=518%2C202&amp;ssl=1\" class=\"attachment-portfolio-thumb size-portfolio-thumb wp-post-image\" alt=\"Feria-Hortiflorexpo2018\" title=\"\" sizes=\"auto, (min-width: 1300px) 33vw, (min-width: 1000px) 33vw, (min-width: 690px) 100vw, 100vw\" srcset=\"https:\/\/i0.wp.com\/ebfcargo.com\/wp-content\/uploads\/2018\/05\/Capturaaaa.jpg?w=518&amp;ssl=1 518w, https:\/\/i0.wp.com\/ebfcargo.com\/wp-content\/uploads\/2018\/05\/Capturaaaa.jpg?resize=300%2C117&amp;ssl=1 300w\" data-attachment-id=\"1342\" data-permalink=\"https:\/\/ebfcargo.com\/es\/capturaaaa\/\" data-orig-file=\"https:\/\/i0.wp.com\/ebfcargo.com\/wp-content\/uploads\/2018\/05\/Capturaaaa.jpg?fit=518%2C202&amp;ssl=1\" data-orig-size=\"518,202\" data-comments-opened=\"1\" data-image-meta=\"{&quot;aperture&quot;:&quot;0&quot;,&quot;credit&quot;:&quot;Patricio&quot;,&quot;camera&quot;:&quot;&quot;,&quot;caption&quot;:&quot;&quot;,&quot;created_timestamp&quot;:&quot;1525360560&quot;,&quot;copyright&quot;:&quot;&quot;,&quot;focal_length&quot;:&quot;0&quot;,&quot;iso&quot;:&quot;0&quot;,&quot;shutter_speed&quot;:&quot;0&quot;,&quot;title&quot;:&quot;&quot;,&quot;orientation&quot;:&quot;0&quot;}\" data-image-title=\"Feria-Hortiflorexpo2018\" data-image-description=\"\" data-image-caption=\"\" data-large-file=\"https:\/\/i0.wp.com\/ebfcargo.com\/wp-content\/uploads\/2018\/05\/Capturaaaa.jpg?fit=518%2C202&amp;ssl=1\" \/><\/span><\/a>\n\t\t\t\t\t\t\t<span class=\"meta-category\"><a class=\"noticias\" href=\"https:\/\/ebfcargo.com\/es\/category\/noticias\/\">Noticias<\/a><\/span>\t\t\t\t\t\t\t\t\n\t\t\t\t\t\t\t<a class=\"entire-meta-link\" href=\"https:\/\/ebfcargo.com\/es\/ebf-hortiflorexpo-flowers-exhibition-beijing-2018\/\"><\/a>\n\n\t\t\t\t\t\t\t<div class=\"article-content-wrap\">\n\t\t\t\t\t\t\t\t<div class=\"post-header\">\n\t\t\t\t\t\t\t\t\t<span class=\"meta\"> 28 de mayo de 2018 <\/span> \n\t\t\t\t\t\t\t\t\t<h3 class=\"title\">EBF at Hortiflorexpo (Flowers exhibition) &#8211; Beijing 2018<\/h3>\t\n\t\t\t\t\t\t\t\t<\/div><!--\/post-header-->\n\t\t\t\t\t\t\t\t<div class=\"excerpt\">\n\t\t\t\t\t\t\t\t\t<p>EBF Cargo will be present at the most important and visited flowers exhibition \u201cHortiflorexpo\u201d in all China The exhibition will be held on May 10, 11 and 12, 2018 at&#8230;<\/p>\n\t\t\t\t\t\t\t\t<\/div>\n\t\t\t\t\t\t\t<\/div>\n\t\t\t\t\t\t\t\n\t\t\t\t\t\t\t<div class=\"post-meta\">\n\t\t\t\t\t\t\t\t<span class=\"meta-author\"> <a href=\"https:\/\/ebfcargo.com\/es\/author\/zabala\/\"> <i class=\"icon-default-style icon-salient-m-user\"><\/i> Miguel Zabala<\/a> <\/span> \n\t\t\t\t\t\t\t\t\n\t\t\t\t\t\t\t\t\t\t\t\t\t\t\t\t\n\t\t\t\t\t\t\t\t<div class=\"nectar-love-wrap\">\n\t\t\t\t\t\t\t\t\t<a href=\"#\" class=\"nectar-love\" id=\"nectar-love-1348\" title=\"Love this\"> <div class=\"heart-wrap\"><i class=\"icon-salient-heart-2\"><\/i><\/div><span class=\"nectar-love-count\">2<\/span><\/a>\t\t\t\t\t\t\t\t<\/div><!--\/nectar-love-wrap-->\t\n\t\t\t\t\t\t\t<\/div>\n\n\t\t\t\t\t\t<\/div>\n\n\t\t\t\t\t\t\t\t\t\t\t\n\t\t\t\t<\/div><!--\/col-->\n\t\t\t\t\n\t\t\t\t\n\t\t\t\t<div class=\"col span_4\">\n\t\t\t\t\t\n\t\t\t\t\t\n\t\t\t\t\t\t\t<div class=\"inner-wrap post-1311 post type-post status-publish format-standard has-post-thumbnail hentry category-noticias\">\n\n\t\t\t\t\t\t\t<a href=\"https:\/\/ebfcargo.com\/es\/ebf-cargo-leader-transport-logistics-fruits-whole-world\/\" class=\"img-link\"><span class=\"post-featured-img\"><img loading=\"lazy\" decoding=\"async\" width=\"600\" height=\"403\" src=\"https:\/\/i0.wp.com\/ebfcargo.com\/wp-content\/uploads\/2018\/02\/frutas-ebf.jpg?resize=600%2C403&amp;ssl=1\" class=\"attachment-portfolio-thumb size-portfolio-thumb wp-post-image\" alt=\"frutas_ebf\" title=\"\" sizes=\"auto, (min-width: 1300px) 33vw, (min-width: 1000px) 33vw, (min-width: 690px) 100vw, 100vw\" srcset=\"https:\/\/i0.wp.com\/ebfcargo.com\/wp-content\/uploads\/2018\/02\/frutas-ebf.jpg?resize=600%2C403&amp;ssl=1 600w, https:\/\/i0.wp.com\/ebfcargo.com\/wp-content\/uploads\/2018\/02\/frutas-ebf.jpg?resize=400%2C269&amp;ssl=1 400w\" data-attachment-id=\"1312\" data-permalink=\"https:\/\/ebfcargo.com\/es\/ebf-cargo-leader-transport-logistics-fruits-whole-world\/frutas-ebf\/\" data-orig-file=\"https:\/\/i0.wp.com\/ebfcargo.com\/wp-content\/uploads\/2018\/02\/frutas-ebf.jpg?fit=827%2C826&amp;ssl=1\" data-orig-size=\"827,826\" data-comments-opened=\"1\" data-image-meta=\"{&quot;aperture&quot;:&quot;0&quot;,&quot;credit&quot;:&quot;&quot;,&quot;camera&quot;:&quot;&quot;,&quot;caption&quot;:&quot;&quot;,&quot;created_timestamp&quot;:&quot;0&quot;,&quot;copyright&quot;:&quot;&quot;,&quot;focal_length&quot;:&quot;0&quot;,&quot;iso&quot;:&quot;0&quot;,&quot;shutter_speed&quot;:&quot;0&quot;,&quot;title&quot;:&quot;&quot;,&quot;orientation&quot;:&quot;0&quot;}\" data-image-title=\"frutas_ebf\" data-image-description=\"\" data-image-caption=\"\" data-large-file=\"https:\/\/i0.wp.com\/ebfcargo.com\/wp-content\/uploads\/2018\/02\/frutas-ebf.jpg?fit=827%2C826&amp;ssl=1\" \/><\/span><\/a>\n\t\t\t\t\t\t\t<span class=\"meta-category\"><a class=\"noticias\" href=\"https:\/\/ebfcargo.com\/es\/category\/noticias\/\">Noticias<\/a><\/span>\t\t\t\t\t\t\t\t\n\t\t\t\t\t\t\t<a class=\"entire-meta-link\" href=\"https:\/\/ebfcargo.com\/es\/ebf-cargo-leader-transport-logistics-fruits-whole-world\/\"><\/a>\n\n\t\t\t\t\t\t\t<div class=\"article-content-wrap\">\n\t\t\t\t\t\t\t\t<div class=\"post-header\">\n\t\t\t\t\t\t\t\t\t<span class=\"meta\"> 19 de febrero de 2018 <\/span> \n\t\t\t\t\t\t\t\t\t<h3 class=\"title\">EBF Cargo, leader in the transport and logistics of fruits to the whole world<\/h3>\t\n\t\t\t\t\t\t\t\t<\/div><!--\/post-header-->\n\t\t\t\t\t\t\t\t<div class=\"excerpt\">\n\t\t\t\t\t\t\t\t\t<p>EBF Cargo along the years has been recognized as a trustful cargo agency for logistics and transport, by the exporters and importers of fruits worldwide. EBF Cargo has the biggest&#8230;<\/p>\n\t\t\t\t\t\t\t\t<\/div>\n\t\t\t\t\t\t\t<\/div>\n\t\t\t\t\t\t\t\n\t\t\t\t\t\t\t<div class=\"post-meta\">\n\t\t\t\t\t\t\t\t<span class=\"meta-author\"> <a href=\"https:\/\/ebfcargo.com\/es\/author\/patricio-brito\/\"> <i class=\"icon-default-style icon-salient-m-user\"><\/i> Patricio Brito<\/a> <\/span> \n\t\t\t\t\t\t\t\t\n\t\t\t\t\t\t\t\t\t\t\t\t\t\t\t\t\n\t\t\t\t\t\t\t\t<div class=\"nectar-love-wrap\">\n\t\t\t\t\t\t\t\t\t<a href=\"#\" class=\"nectar-love\" id=\"nectar-love-1311\" title=\"Love this\"> <div class=\"heart-wrap\"><i class=\"icon-salient-heart-2\"><\/i><\/div><span class=\"nectar-love-count\">1<\/span><\/a>\t\t\t\t\t\t\t\t<\/div><!--\/nectar-love-wrap-->\t\n\t\t\t\t\t\t\t<\/div>\n\n\t\t\t\t\t\t<\/div>\n\n\t\t\t\t\t\t\t\t\t\t\t\n\t\t\t\t<\/div><!--\/col-->\n\t\t\t\t\n\t\t\t\t\n\t\t\t\t<div class=\"col span_4\">\n\t\t\t\t\t\n\t\t\t\t\t\n\t\t\t\t\t\t\t<div class=\"inner-wrap post-1281 post type-post status-publish format-standard has-post-thumbnail hentry category-noticias\">\n\n\t\t\t\t\t\t\t<a href=\"https:\/\/ebfcargo.com\/es\/russia-rose-still-the-number-one-flower\/\" class=\"img-link\"><span class=\"post-featured-img\"><img loading=\"lazy\" decoding=\"async\" width=\"600\" height=\"403\" src=\"https:\/\/i0.wp.com\/ebfcargo.com\/wp-content\/uploads\/2017\/09\/Captura-1.png?resize=600%2C403&amp;ssl=1\" class=\"attachment-portfolio-thumb size-portfolio-thumb wp-post-image\" alt=\"Flor_ebf\" title=\"\" sizes=\"auto, (min-width: 1300px) 33vw, (min-width: 1000px) 33vw, (min-width: 690px) 100vw, 100vw\" srcset=\"https:\/\/i0.wp.com\/ebfcargo.com\/wp-content\/uploads\/2017\/09\/Captura-1.png?resize=600%2C403&amp;ssl=1 600w, https:\/\/i0.wp.com\/ebfcargo.com\/wp-content\/uploads\/2017\/09\/Captura-1.png?resize=400%2C269&amp;ssl=1 400w\" data-attachment-id=\"1287\" data-permalink=\"https:\/\/ebfcargo.com\/es\/russia-rose-still-the-number-one-flower\/captura-2\/\" data-orig-file=\"https:\/\/i0.wp.com\/ebfcargo.com\/wp-content\/uploads\/2017\/09\/Captura-1.png?fit=622%2C426&amp;ssl=1\" data-orig-size=\"622,426\" data-comments-opened=\"1\" data-image-meta=\"{&quot;aperture&quot;:&quot;0&quot;,&quot;credit&quot;:&quot;&quot;,&quot;camera&quot;:&quot;&quot;,&quot;caption&quot;:&quot;&quot;,&quot;created_timestamp&quot;:&quot;0&quot;,&quot;copyright&quot;:&quot;&quot;,&quot;focal_length&quot;:&quot;0&quot;,&quot;iso&quot;:&quot;0&quot;,&quot;shutter_speed&quot;:&quot;0&quot;,&quot;title&quot;:&quot;&quot;,&quot;orientation&quot;:&quot;0&quot;}\" data-image-title=\"Flor_ebf\" data-image-description=\"\" data-image-caption=\"\" data-large-file=\"https:\/\/i0.wp.com\/ebfcargo.com\/wp-content\/uploads\/2017\/09\/Captura-1.png?fit=622%2C426&amp;ssl=1\" \/><\/span><\/a>\n\t\t\t\t\t\t\t<span class=\"meta-category\"><a class=\"noticias\" href=\"https:\/\/ebfcargo.com\/es\/category\/noticias\/\">Noticias<\/a><\/span>\t\t\t\t\t\t\t\t\n\t\t\t\t\t\t\t<a class=\"entire-meta-link\" href=\"https:\/\/ebfcargo.com\/es\/russia-rose-still-the-number-one-flower\/\"><\/a>\n\n\t\t\t\t\t\t\t<div class=\"article-content-wrap\">\n\t\t\t\t\t\t\t\t<div class=\"post-header\">\n\t\t\t\t\t\t\t\t\t<span class=\"meta\"> 20 de septiembre de 2017 <\/span> \n\t\t\t\t\t\t\t\t\t<h3 class=\"title\">Russia: Rose still the number one flower?<\/h3>\t\n\t\t\t\t\t\t\t\t<\/div><!--\/post-header-->\n\t\t\t\t\t\t\t\t<div class=\"excerpt\">\n\t\t\t\t\t\t\t\t\t<p>Russia is a flower loving country and around 90 percent of the flowers are imported. The largest share of these flowers are sold in Moscow, followed by Saint Petersburg. Last&#8230;<\/p>\n\t\t\t\t\t\t\t\t<\/div>\n\t\t\t\t\t\t\t<\/div>\n\t\t\t\t\t\t\t\n\t\t\t\t\t\t\t<div class=\"post-meta\">\n\t\t\t\t\t\t\t\t<span class=\"meta-author\"> <a href=\"https:\/\/ebfcargo.com\/es\/author\/ebfcargo\/\"> <i class=\"icon-default-style icon-salient-m-user\"><\/i> ebfcargo<\/a> <\/span> \n\t\t\t\t\t\t\t\t\n\t\t\t\t\t\t\t\t\t\t\t\t\t\t\t\t\n\t\t\t\t\t\t\t\t<div class=\"nectar-love-wrap\">\n\t\t\t\t\t\t\t\t\t<a href=\"#\" class=\"nectar-love\" id=\"nectar-love-1281\" title=\"Love this\"> <div class=\"heart-wrap\"><i class=\"icon-salient-heart-2\"><\/i><\/div><span class=\"nectar-love-count\">7<\/span><\/a>\t\t\t\t\t\t\t\t<\/div><!--\/nectar-love-wrap-->\t\n\t\t\t\t\t\t\t<\/div>\n\n\t\t\t\t\t\t<\/div>\n\n\t\t\t\t\t\t\t\t\t\t\t\n\t\t\t\t<\/div><!--\/col-->\n\t\t\t\t\n\t\t\t\t\n\t\t\t\t<div class=\"col span_4\">\n\t\t\t\t\t\n\t\t\t\t\t\n\t\t\t\t\t\t\t<div class=\"inner-wrap post-1052 post type-post status-publish format-standard has-post-thumbnail hentry category-noticias tag-flowers-expo\">\n\n\t\t\t\t\t\t\t<a href=\"https:\/\/ebfcargo.com\/es\/flowers-expo-2017-moscow\/\" class=\"img-link\"><span class=\"post-featured-img\"><img loading=\"lazy\" decoding=\"async\" width=\"274\" height=\"178\" src=\"https:\/\/i0.wp.com\/ebfcargo.com\/wp-content\/uploads\/2017\/08\/feria-moscow.png?resize=274%2C178&amp;ssl=1\" class=\"attachment-portfolio-thumb size-portfolio-thumb wp-post-image\" alt=\"feria-moscow\" title=\"\" sizes=\"auto, (min-width: 1300px) 33vw, (min-width: 1000px) 33vw, (min-width: 690px) 100vw, 100vw\" data-attachment-id=\"1039\" data-permalink=\"https:\/\/ebfcargo.com\/es\/feria-moscow\/\" data-orig-file=\"https:\/\/i0.wp.com\/ebfcargo.com\/wp-content\/uploads\/2017\/08\/feria-moscow.png?fit=274%2C178&amp;ssl=1\" data-orig-size=\"274,178\" data-comments-opened=\"1\" data-image-meta=\"{&quot;aperture&quot;:&quot;0&quot;,&quot;credit&quot;:&quot;&quot;,&quot;camera&quot;:&quot;&quot;,&quot;caption&quot;:&quot;&quot;,&quot;created_timestamp&quot;:&quot;0&quot;,&quot;copyright&quot;:&quot;&quot;,&quot;focal_length&quot;:&quot;0&quot;,&quot;iso&quot;:&quot;0&quot;,&quot;shutter_speed&quot;:&quot;0&quot;,&quot;title&quot;:&quot;&quot;,&quot;orientation&quot;:&quot;0&quot;}\" data-image-title=\"feria-moscow\" data-image-description=\"\" data-image-caption=\"\" data-large-file=\"https:\/\/i0.wp.com\/ebfcargo.com\/wp-content\/uploads\/2017\/08\/feria-moscow.png?fit=274%2C178&amp;ssl=1\" \/><\/span><\/a>\n\t\t\t\t\t\t\t<span class=\"meta-category\"><a class=\"noticias\" href=\"https:\/\/ebfcargo.com\/es\/category\/noticias\/\">Noticias<\/a><\/span>\t\t\t\t\t\t\t\t\n\t\t\t\t\t\t\t<a class=\"entire-meta-link\" href=\"https:\/\/ebfcargo.com\/es\/flowers-expo-2017-moscow\/\"><\/a>\n\n\t\t\t\t\t\t\t<div class=\"article-content-wrap\">\n\t\t\t\t\t\t\t\t<div class=\"post-header\">\n\t\t\t\t\t\t\t\t\t<span class=\"meta\"> 31 de agosto de 2017 <\/span> \n\t\t\t\t\t\t\t\t\t<h3 class=\"title\">Flowers Expo 2017 (Moscow)<\/h3>\t\n\t\t\t\t\t\t\t\t<\/div><!--\/post-header-->\n\t\t\t\t\t\t\t\t<div class=\"excerpt\">\n\t\t\t\t\t\t\t\t\t<p>EBF Cargo will be present at the most important and visited flowers exhibition \u00abFlowers Expo\u00bb of all Russia The exhibition will be held on September 12,13 and 14, 2017 in&#8230;<\/p>\n\t\t\t\t\t\t\t\t<\/div>\n\t\t\t\t\t\t\t<\/div>\n\t\t\t\t\t\t\t\n\t\t\t\t\t\t\t<div class=\"post-meta\">\n\t\t\t\t\t\t\t\t<span class=\"meta-author\"> <a href=\"https:\/\/ebfcargo.com\/es\/author\/ebfcargo\/\"> <i class=\"icon-default-style icon-salient-m-user\"><\/i> ebfcargo<\/a> <\/span> \n\t\t\t\t\t\t\t\t\n\t\t\t\t\t\t\t\t\t\t\t\t\t\t\t\t\n\t\t\t\t\t\t\t\t<div class=\"nectar-love-wrap\">\n\t\t\t\t\t\t\t\t\t<a href=\"#\" class=\"nectar-love\" id=\"nectar-love-1052\" title=\"Love this\"> <div class=\"heart-wrap\"><i class=\"icon-salient-heart-2\"><\/i><\/div><span class=\"nectar-love-count\">10<\/span><\/a>\t\t\t\t\t\t\t\t<\/div><!--\/nectar-love-wrap-->\t\n\t\t\t\t\t\t\t<\/div>\n\n\t\t\t\t\t\t<\/div>\n\n\t\t\t\t\t\t\t\t\t\t\t\n\t\t\t\t<\/div><!--\/col-->\n\t\t\t\t\n\t\t\t\t\n\t\t\t\t<div class=\"col span_4\">\n\t\t\t\t\t\n\t\t\t\t\t\n\t\t\t\t\t\t\t<div class=\"inner-wrap post-228 post type-post status-publish format-standard has-post-thumbnail hentry category-noticias tag-expoflores tag-flores tag-san-valentin\">\n\n\t\t\t\t\t\t\t<a href=\"https:\/\/ebfcargo.com\/es\/latam-cargo-9-000-toneladas-de-flores-por-san-valentin\/\" class=\"img-link\"><span class=\"post-featured-img\"><img loading=\"lazy\" decoding=\"async\" width=\"600\" height=\"403\" src=\"https:\/\/i0.wp.com\/ebfcargo.com\/wp-content\/uploads\/2017\/07\/Latam-Cargo.jpeg?resize=600%2C403&amp;ssl=1\" class=\"attachment-portfolio-thumb size-portfolio-thumb wp-post-image\" alt=\"Latam-Cargo\" title=\"\" sizes=\"auto, (min-width: 1300px) 33vw, (min-width: 1000px) 33vw, (min-width: 690px) 100vw, 100vw\" srcset=\"https:\/\/i0.wp.com\/ebfcargo.com\/wp-content\/uploads\/2017\/07\/Latam-Cargo.jpeg?resize=600%2C403&amp;ssl=1 600w, https:\/\/i0.wp.com\/ebfcargo.com\/wp-content\/uploads\/2017\/07\/Latam-Cargo.jpeg?resize=400%2C269&amp;ssl=1 400w\" data-attachment-id=\"230\" data-permalink=\"https:\/\/ebfcargo.com\/es\/latam-cargo-9-000-toneladas-de-flores-por-san-valentin\/latam-cargo\/\" data-orig-file=\"https:\/\/i0.wp.com\/ebfcargo.com\/wp-content\/uploads\/2017\/07\/Latam-Cargo.jpeg?fit=800%2C503&amp;ssl=1\" data-orig-size=\"800,503\" data-comments-opened=\"1\" data-image-meta=\"{&quot;aperture&quot;:&quot;0&quot;,&quot;credit&quot;:&quot;&quot;,&quot;camera&quot;:&quot;&quot;,&quot;caption&quot;:&quot;&quot;,&quot;created_timestamp&quot;:&quot;0&quot;,&quot;copyright&quot;:&quot;&quot;,&quot;focal_length&quot;:&quot;0&quot;,&quot;iso&quot;:&quot;0&quot;,&quot;shutter_speed&quot;:&quot;0&quot;,&quot;title&quot;:&quot;&quot;,&quot;orientation&quot;:&quot;0&quot;}\" data-image-title=\"Latam-Cargo\" data-image-description=\"\" data-image-caption=\"\" data-large-file=\"https:\/\/i0.wp.com\/ebfcargo.com\/wp-content\/uploads\/2017\/07\/Latam-Cargo.jpeg?fit=800%2C503&amp;ssl=1\" \/><\/span><\/a>\n\t\t\t\t\t\t\t<span class=\"meta-category\"><a class=\"noticias\" href=\"https:\/\/ebfcargo.com\/es\/category\/noticias\/\">Noticias<\/a><\/span>\t\t\t\t\t\t\t\t\n\t\t\t\t\t\t\t<a class=\"entire-meta-link\" href=\"https:\/\/ebfcargo.com\/es\/latam-cargo-9-000-toneladas-de-flores-por-san-valentin\/\"><\/a>\n\n\t\t\t\t\t\t\t<div class=\"article-content-wrap\">\n\t\t\t\t\t\t\t\t<div class=\"post-header\">\n\t\t\t\t\t\t\t\t\t<span class=\"meta\"> 13 de julio de 2017 <\/span> \n\t\t\t\t\t\t\t\t\t<h3 class=\"title\">Latam Cargo, 9.000 toneladas de flores por San Valent\u00edn<\/h3>\t\n\t\t\t\t\t\t\t\t<\/div><!--\/post-header-->\n\t\t\t\t\t\t\t\t<div class=\"excerpt\">\n\t\t\t\t\t\t\t\t\t<p>Quiz\u00e1s pase desapercibida la log\u00edstica que en determinadas fechas ha de desplegarse para que todo est\u00e9 a tiempo y en el sitio requerido sin contratiempos, pero\u00a0durante\u00a0las cuatro semanas previas a&#8230;<\/p>\n\t\t\t\t\t\t\t\t<\/div>\n\t\t\t\t\t\t\t<\/div>\n\t\t\t\t\t\t\t\n\t\t\t\t\t\t\t<div class=\"post-meta\">\n\t\t\t\t\t\t\t\t<span class=\"meta-author\"> <a href=\"https:\/\/ebfcargo.com\/es\/author\/ebfcargo\/\"> <i class=\"icon-default-style icon-salient-m-user\"><\/i> ebfcargo<\/a> <\/span> \n\t\t\t\t\t\t\t\t\n\t\t\t\t\t\t\t\t\t\t\t\t\t\t\t\t\n\t\t\t\t\t\t\t\t<div class=\"nectar-love-wrap\">\n\t\t\t\t\t\t\t\t\t<a href=\"#\" class=\"nectar-love\" id=\"nectar-love-228\" title=\"Love this\"> <div class=\"heart-wrap\"><i class=\"icon-salient-heart-2\"><\/i><\/div><span class=\"nectar-love-count\">22<\/span><\/a>\t\t\t\t\t\t\t\t<\/div><!--\/nectar-love-wrap-->\t\n\t\t\t\t\t\t\t<\/div>\n\n\t\t\t\t\t\t<\/div>\n\n\t\t\t\t\t\t\t\t\t\t\t\n\t\t\t\t<\/div><!--\/col-->\n\t\t\t\t\n\t\t\t\t\n\t\t\t\t<div class=\"col span_4\">\n\t\t\t\t\t\n\t\t\t\t\t\n\t\t\t\t\t\t\t<div class=\"inner-wrap post-224 post type-post status-publish format-standard has-post-thumbnail hentry category-noticias tag-expoflores tag-flores\">\n\n\t\t\t\t\t\t\t<a href=\"https:\/\/ebfcargo.com\/es\/las-flores-ecuatorianas-que-perduran-para-siempre\/\" class=\"img-link\"><span class=\"post-featured-img\"><img loading=\"lazy\" decoding=\"async\" width=\"600\" height=\"403\" src=\"https:\/\/i0.wp.com\/ebfcargo.com\/wp-content\/uploads\/2017\/07\/rosas.jpg?resize=600%2C403&amp;ssl=1\" class=\"attachment-portfolio-thumb size-portfolio-thumb wp-post-image\" alt=\"rosas\" title=\"\" sizes=\"auto, (min-width: 1300px) 33vw, (min-width: 1000px) 33vw, (min-width: 690px) 100vw, 100vw\" srcset=\"https:\/\/i0.wp.com\/ebfcargo.com\/wp-content\/uploads\/2017\/07\/rosas.jpg?resize=600%2C403&amp;ssl=1 600w, https:\/\/i0.wp.com\/ebfcargo.com\/wp-content\/uploads\/2017\/07\/rosas.jpg?resize=400%2C269&amp;ssl=1 400w, https:\/\/i0.wp.com\/ebfcargo.com\/wp-content\/uploads\/2017\/07\/rosas.jpg?zoom=2&amp;resize=600%2C403 1200w\" data-attachment-id=\"225\" data-permalink=\"https:\/\/ebfcargo.com\/es\/rosas\/\" data-orig-file=\"https:\/\/i0.wp.com\/ebfcargo.com\/wp-content\/uploads\/2017\/07\/rosas.jpg?fit=1586%2C892&amp;ssl=1\" data-orig-size=\"1586,892\" data-comments-opened=\"1\" data-image-meta=\"{&quot;aperture&quot;:&quot;0&quot;,&quot;credit&quot;:&quot;&quot;,&quot;camera&quot;:&quot;&quot;,&quot;caption&quot;:&quot;&quot;,&quot;created_timestamp&quot;:&quot;0&quot;,&quot;copyright&quot;:&quot;&quot;,&quot;focal_length&quot;:&quot;0&quot;,&quot;iso&quot;:&quot;0&quot;,&quot;shutter_speed&quot;:&quot;0&quot;,&quot;title&quot;:&quot;&quot;,&quot;orientation&quot;:&quot;1&quot;}\" data-image-title=\"rosas\" data-image-description=\"\" data-image-caption=\"\" data-large-file=\"https:\/\/i0.wp.com\/ebfcargo.com\/wp-content\/uploads\/2017\/07\/rosas.jpg?fit=1024%2C576&amp;ssl=1\" \/><\/span><\/a>\n\t\t\t\t\t\t\t<span class=\"meta-category\"><a class=\"noticias\" href=\"https:\/\/ebfcargo.com\/es\/category\/noticias\/\">Noticias<\/a><\/span>\t\t\t\t\t\t\t\t\n\t\t\t\t\t\t\t<a class=\"entire-meta-link\" href=\"https:\/\/ebfcargo.com\/es\/las-flores-ecuatorianas-que-perduran-para-siempre\/\"><\/a>\n\n\t\t\t\t\t\t\t<div class=\"article-content-wrap\">\n\t\t\t\t\t\t\t\t<div class=\"post-header\">\n\t\t\t\t\t\t\t\t\t<span class=\"meta\"> 13 de julio de 2017 <\/span> \n\t\t\t\t\t\t\t\t\t<h3 class=\"title\">Las flores ecuatorianas que perduran para siempre<\/h3>\t\n\t\t\t\t\t\t\t\t<\/div><!--\/post-header-->\n\t\t\t\t\t\t\t\t<div class=\"excerpt\">\n\t\t\t\t\t\t\t\t\t<p>Regalar rosas es un detalle que nunca pasar\u00e1 de moda, pero \u00bfse imagina poder conservarlas por siempre? Pues esto ya es una realidad a trav\u00e9s de las flores preservadas. Sof\u00eda&#8230;<\/p>\n\t\t\t\t\t\t\t\t<\/div>\n\t\t\t\t\t\t\t<\/div>\n\t\t\t\t\t\t\t\n\t\t\t\t\t\t\t<div class=\"post-meta\">\n\t\t\t\t\t\t\t\t<span class=\"meta-author\"> <a href=\"https:\/\/ebfcargo.com\/es\/author\/ebfcargo\/\"> <i class=\"icon-default-style icon-salient-m-user\"><\/i> ebfcargo<\/a> <\/span> \n\t\t\t\t\t\t\t\t\n\t\t\t\t\t\t\t\t\t\t\t\t\t\t\t\t\n\t\t\t\t\t\t\t\t<div class=\"nectar-love-wrap\">\n\t\t\t\t\t\t\t\t\t<a href=\"#\" class=\"nectar-love\" id=\"nectar-love-224\" title=\"Love this\"> <div class=\"heart-wrap\"><i class=\"icon-salient-heart-2\"><\/i><\/div><span class=\"nectar-love-count\">23<\/span><\/a>\t\t\t\t\t\t\t\t<\/div><!--\/nectar-love-wrap-->\t\n\t\t\t\t\t\t\t<\/div>\n\n\t\t\t\t\t\t<\/div>\n\n\t\t\t\t\t\t\t\t\t\t\t\n\t\t\t\t<\/div><!--\/col-->\n\t\t\t\t\n\t\t\t\t\n\t\t\t\t<div class=\"col span_4\">\n\t\t\t\t\t\n\t\t\t\t\t\n\t\t\t\t\t\t\t<div class=\"inner-wrap post-215 post type-post status-publish format-standard has-post-thumbnail hentry category-noticias tag-expoflores\">\n\n\t\t\t\t\t\t\t<a href=\"https:\/\/ebfcargo.com\/es\/expoflores-y-su-rol-en-la-cadena-productiva-floricola\/\" class=\"img-link\"><span class=\"post-featured-img\"><img loading=\"lazy\" decoding=\"async\" width=\"600\" height=\"403\" src=\"https:\/\/i0.wp.com\/ebfcargo.com\/wp-content\/uploads\/2017\/07\/expoflores.jpg?resize=600%2C403&amp;ssl=1\" class=\"attachment-portfolio-thumb size-portfolio-thumb wp-post-image\" alt=\"expoflores\" title=\"\" sizes=\"auto, (min-width: 1300px) 33vw, (min-width: 1000px) 33vw, (min-width: 690px) 100vw, 100vw\" srcset=\"https:\/\/i0.wp.com\/ebfcargo.com\/wp-content\/uploads\/2017\/07\/expoflores.jpg?resize=600%2C403&amp;ssl=1 600w, https:\/\/i0.wp.com\/ebfcargo.com\/wp-content\/uploads\/2017\/07\/expoflores.jpg?resize=400%2C269&amp;ssl=1 400w, https:\/\/i0.wp.com\/ebfcargo.com\/wp-content\/uploads\/2017\/07\/expoflores.jpg?zoom=2&amp;resize=600%2C403 1200w\" data-attachment-id=\"218\" data-permalink=\"https:\/\/ebfcargo.com\/es\/expoflores-y-su-rol-en-la-cadena-productiva-floricola\/expoflores\/\" data-orig-file=\"https:\/\/i0.wp.com\/ebfcargo.com\/wp-content\/uploads\/2017\/07\/expoflores.jpg?fit=1280%2C720&amp;ssl=1\" data-orig-size=\"1280,720\" data-comments-opened=\"1\" data-image-meta=\"{&quot;aperture&quot;:&quot;0&quot;,&quot;credit&quot;:&quot;&quot;,&quot;camera&quot;:&quot;&quot;,&quot;caption&quot;:&quot;&quot;,&quot;created_timestamp&quot;:&quot;0&quot;,&quot;copyright&quot;:&quot;&quot;,&quot;focal_length&quot;:&quot;0&quot;,&quot;iso&quot;:&quot;0&quot;,&quot;shutter_speed&quot;:&quot;0&quot;,&quot;title&quot;:&quot;&quot;,&quot;orientation&quot;:&quot;0&quot;}\" data-image-title=\"expoflores\" data-image-description=\"\" data-image-caption=\"\" data-large-file=\"https:\/\/i0.wp.com\/ebfcargo.com\/wp-content\/uploads\/2017\/07\/expoflores.jpg?fit=1024%2C576&amp;ssl=1\" \/><\/span><\/a>\n\t\t\t\t\t\t\t<span class=\"meta-category\"><a class=\"noticias\" href=\"https:\/\/ebfcargo.com\/es\/category\/noticias\/\">Noticias<\/a><\/span>\t\t\t\t\t\t\t\t\n\t\t\t\t\t\t\t<a class=\"entire-meta-link\" href=\"https:\/\/ebfcargo.com\/es\/expoflores-y-su-rol-en-la-cadena-productiva-floricola\/\"><\/a>\n\n\t\t\t\t\t\t\t<div class=\"article-content-wrap\">\n\t\t\t\t\t\t\t\t<div class=\"post-header\">\n\t\t\t\t\t\t\t\t\t<span class=\"meta\"> 13 de julio de 2017 <\/span> \n\t\t\t\t\t\t\t\t\t<h3 class=\"title\">Expoflores y su rol en la cadena productiva flor\u00edcola<\/h3>\t\n\t\t\t\t\t\t\t\t<\/div><!--\/post-header-->\n\t\t\t\t\t\t\t\t<div class=\"excerpt\">\n\t\t\t\t\t\t\t\t\t<p>La producci\u00f3n y exportaci\u00f3n flor\u00edcola tiene una gran tradici\u00f3n en Ecuador, regiones como\u00a0Tabacundo\u00a0han sido consagradas como la\u00a0capital de las rosas\u00a0por su gran variedad y calidad en la producci\u00f3n. Es esta&#8230;<\/p>\n\t\t\t\t\t\t\t\t<\/div>\n\t\t\t\t\t\t\t<\/div>\n\t\t\t\t\t\t\t\n\t\t\t\t\t\t\t<div class=\"post-meta\">\n\t\t\t\t\t\t\t\t<span class=\"meta-author\"> <a href=\"https:\/\/ebfcargo.com\/es\/author\/ebfcargo\/\"> <i class=\"icon-default-style icon-salient-m-user\"><\/i> ebfcargo<\/a> <\/span> \n\t\t\t\t\t\t\t\t\n\t\t\t\t\t\t\t\t\t\t\t\t\t\t\t\t\n\t\t\t\t\t\t\t\t<div class=\"nectar-love-wrap\">\n\t\t\t\t\t\t\t\t\t<a href=\"#\" class=\"nectar-love\" id=\"nectar-love-215\" title=\"Love this\"> <div class=\"heart-wrap\"><i class=\"icon-salient-heart-2\"><\/i><\/div><span class=\"nectar-love-count\">17<\/span><\/a>\t\t\t\t\t\t\t\t<\/div><!--\/nectar-love-wrap-->\t\n\t\t\t\t\t\t\t<\/div>\n\n\t\t\t\t\t\t<\/div>\n\n\t\t\t\t\t\t\t\t\t\t\t\n\t\t\t\t<\/div><!--\/col-->\n\t\t\t\t\n\t\t\t\t\t\t\n\t\t\t<\/div><!--\/blog-recent-->\n\t\t\n\t\t[\/vc_column][\/vc_row]\n","protected":false},"excerpt":{"rendered":"<p>[vc_row type=\u00bbin_container\u00bb full_screen_row_position=\u00bbmiddle\u00bb scene_position=\u00bbcenter\u00bb text_color=\u00bbdark\u00bb text_align=\u00bbleft\u00bb overlay_strength=\u00bb0.3&#8243;][vc_column column_padding=\u00bbno-extra-padding\u00bb column_padding_position=\u00bball\u00bb background_color_opacity=\u00bb1&#8243; background_hover_color_opacity=\u00bb1&#8243; column_shadow=\u00bbnone\u00bb width=\u00bb1\/1&#8243; tablet_text_alignment=\u00bbdefault\u00bb phone_text_alignment=\u00bbdefault\u00bb column_border_width=\u00bbnone\u00bb column_border_style=\u00bbsolid\u00bb][\/vc_column][\/vc_row][vc_row type=\u00bbin_container\u00bb full_screen_row_position=\u00bbmiddle\u00bb scene_position=\u00bbcenter\u00bb text_color=\u00bbdark\u00bb text_align=\u00bbleft\u00bb overlay_strength=\u00bb0.3&#8243;][vc_column column_padding=\u00bbno-extra-padding\u00bb column_padding_position=\u00bball\u00bb background_color_opacity=\u00bb1&#8243; background_hover_color_opacity=\u00bb1&#8243; column_shadow=\u00bbnone\u00bb width=\u00bb1\/1&#8243; tablet_text_alignment=\u00bbdefault\u00bb&#8230;<\/p>\n","protected":false},"author":1,"featured_media":0,"parent":0,"menu_order":0,"comment_status":"closed","ping_status":"closed","template":"","meta":{"om_disable_all_campaigns":false,"_monsterinsights_skip_tracking":false,"_monsterinsights_sitenote_active":false,"_monsterinsights_sitenote_note":"","_monsterinsights_sitenote_category":0,"jetpack_post_was_ever_published":false,"footnotes":""},"class_list":["post-32","page","type-page","status-publish","hentry"],"jetpack_shortlink":"https:\/\/wp.me\/P8ZB9j-w","jetpack-related-posts":[],"jetpack_sharing_enabled":true,"_links":{"self":[{"href":"https:\/\/ebfcargo.com\/es\/wp-json\/wp\/v2\/pages\/32","targetHints":{"allow":["GET"]}}],"collection":[{"href":"https:\/\/ebfcargo.com\/es\/wp-json\/wp\/v2\/pages"}],"about":[{"href":"https:\/\/ebfcargo.com\/es\/wp-json\/wp\/v2\/types\/page"}],"author":[{"embeddable":true,"href":"https:\/\/ebfcargo.com\/es\/wp-json\/wp\/v2\/users\/1"}],"replies":[{"embeddable":true,"href":"https:\/\/ebfcargo.com\/es\/wp-json\/wp\/v2\/comments?post=32"}],"version-history":[{"count":15,"href":"https:\/\/ebfcargo.com\/es\/wp-json\/wp\/v2\/pages\/32\/revisions"}],"predecessor-version":[{"id":988,"href":"https:\/\/ebfcargo.com\/es\/wp-json\/wp\/v2\/pages\/32\/revisions\/988"}],"wp:attachment":[{"href":"https:\/\/ebfcargo.com\/es\/wp-json\/wp\/v2\/media?parent=32"}],"curies":[{"name":"wp","href":"https:\/\/api.w.org\/{rel}","templated":true}]}}